{"id":1609,"date":"2022-03-07T08:22:37","date_gmt":"2022-03-07T06:22:37","guid":{"rendered":"https:\/\/efijaszbereny.hu\/?page_id=1609"},"modified":"2022-03-07T11:59:27","modified_gmt":"2022-03-07T09:59:27","slug":"mentalis-elsosegely","status":"publish","type":"page","link":"http:\/\/efijaszbereny.hu\/?page_id=1609","title":{"rendered":"MENT\u00c1LIS ELS\u0150SEG\u00c9LY"},"content":{"rendered":"\n    \n    <section class=\"u-clearfix u-grey-80 u-section-2\" id=\"carousel_eab7\">\n      <div class=\"u-container-style u-expanded-width u-group u-shape-rectangle u-group-1\">\n        <div class=\"u-container-layout u-container-layout-1\">\n          <h3 class=\"u-align-center u-text u-text-1\"> MENT\u00c1LIS&nbsp;<br>ELS\u0150SEG\u00c9LYNY\u00daJT\u00c1S\n          <\/h3>\n          <p class=\"u-align-justify-lg u-align-justify-md u-align-justify-sm u-align-justify-xl u-align-left-xs u-text u-text-2\"> Az elm\u00falt id\u0151szakban sz\u00e1mos\nnegat\u00edv \u00e9rzelmi \u00e9lm\u00e9nyt el\u0151id\u00e9z\u0151 esem\u00e9ny jelent meg a vil\u00e1gban. Ebben az\nismeretlen, vil\u00e1gm\u00e9ret\u0171 kr\u00edzisben gyakori \u00e9rz\u00e9s lehet a f\u00e9lelem, frusztr\u00e1ci\u00f3,\nb\u00e9nults\u00e1g, \u00e9rzelmi kimer\u00fcl\u00e9s, harag, stressz, mag\u00e1ny, tehetetlens\u00e9g,\nkil\u00e1t\u00e1stalans\u00e1g. Amennyiben ezek a negat\u00edv \u00e9rz\u00e9sek hetekig, h\u00f3napokig\nfenn\u00e1llnak, &nbsp;megn\u00f6veli a k\u00fcl\u00f6nb\u00f6z\u0151\nment\u00e1lis zavarok kock\u00e1zat\u00e1t. Ebben a helyzetben nagyon fontos az egym\u00e1s fel\u00e9\nfordul\u00e1s \u00e9s t\u00e1maszny\u00fajt\u00e1s.<\/p>\n          <div class=\"u-expanded-height-md u-expanded-height-sm u-expanded-height-xs u-palette-3-base u-shape u-shape-rectangle u-shape-1\"><\/div>\n          <div class=\"u-expanded-height-md u-expanded-height-sm u-expanded-height-xs u-palette-3-base u-shape u-shape-rectangle u-shape-2\"><\/div>\n        <\/div>\n      <\/div>\n    <\/section>\n    <section class=\"u-clearfix u-grey-80 u-section-3\" id=\"carousel_9af4\">\n      <div class=\"u-align-left-xs u-container-style u-expanded-width u-group u-shape-rectangle u-group-1\">\n        <div class=\"u-container-layout u-container-layout-1\">\n          <h3 class=\"u-align-left-lg u-align-left-md u-align-left-sm u-align-left-xl u-text u-text-1\"><u>KR\u00cdZIS<\/u>: &nbsp;\n          <\/h3>\n          <p class=\"u-align-justify-lg u-align-justify-md u-align-justify-sm u-align-justify-xl u-text u-text-2\"> egy olyan v\u00e1ls\u00e1ghelyzet,\namikor \u00fagy \u00e9rezz\u00fck, nem tudunk megbirk\u00f3zni a kialakult helyzettel. Ilyenkor\nminden figyelm\u00fcnk az adott probl\u00e9m\u00e1ra ir\u00e1nyul \u00e9s rem\u00e9nytelennek \u00e9rezz\u00fck a\nj\u00f6v\u0151t. Ebben a helyzetben fokozottan sz\u00fcks\u00e9g\u00fcnk van a k\u00f6rnyezet\u00fcnk\nt\u00e1mogat\u00e1s\u00e1ra.&nbsp;<br><u>Hogyan ismerhet\u0151 fel a\nkr\u00edzis \u00e1llapot?<\/u>\n            <br><!--[if !supportLists]-->\u00b7 Csak\na probl\u00e9m\u00e1ra tud f\u00f3kusz\u00e1lni, nem tud nyitni m\u00e1sok fel\u00e9. Minden gondolata\nprobl\u00e9m\u00e1ra ir\u00e1nyul \u00e9s annak megold\u00e1s\u00e1ra.<br><!--[if !supportLists]-->\u00b7 T\u00fcrelmetlen,\nideges, agressz\u00edv. Az \u00e9rzelmeit nem tudja kontroll\u00e1lni.<br>\u00b7&nbsp;Szorong.\nS\u00edr. Zavarodotts\u00e1g jellemzi.<br>\u00b7&nbsp;Kil\u00e1t\u00e1stalans\u00e1g,\nrem\u00e9nytelens\u00e9g uralkodik el rajta.&nbsp;<br>\u00b7 Napi\ntev\u00e9kenys\u00e9geit nehezen tudja elv\u00e9gezni.<br><u>Kr\u00edzis id\u0151tartama:<\/u>\n            <br>\u00c1ltal\u00e1ban 4-6 h\u00e9t alatt\nlezajlik. Nem betegs\u00e9g, de betegs\u00e9gg\u00e9 v\u00e1lhat. Megold\u00e1s, seg\u00edts\u00e9g n\u00e9lk\u00fcl az\nal\u00e1bbi k\u00f6vetkezm\u00e9nyek alakulhatnak ki:&nbsp;<br>\u2022 alkalmazkod\u00e1si\nzavar,&nbsp;<br>\u2022\nszorong\u00e1s,&nbsp;<br>\u2022\nPTSD (poszttraum\u00e1s stressz zavar),&nbsp;<br>\u2022\ndepresszi\u00f3,&nbsp;<br>\u2022 f\u00fcgg\u0151s\u00e9gek (alkohol-, gy\u00f3gyszer-, drogf\u00fcgg\u0151s\u00e9g),&nbsp;<br>\u2022\npszichoszomatikus zavarok,&nbsp;<br>\u2022 \u00f6ngyilkoss\u00e1g.\n&nbsp;<br>\n          <\/p>\n          <div class=\"u-expanded-height-md u-expanded-height-sm u-expanded-height-xs u-palette-3-base u-shape u-shape-rectangle u-shape-1\"><\/div>\n          <div class=\"u-expanded-height-md u-expanded-height-sm u-expanded-height-xs u-palette-3-base u-shape u-shape-rectangle u-shape-2\"><\/div>\n        <\/div>\n      <\/div>\n    <\/section>\n    <section class=\"u-clearfix u-grey-80 u-section-4\" id=\"carousel_7194\">\n      <div class=\"u-align-left-xs u-container-style u-expanded-width u-group u-shape-rectangle u-group-1\">\n        <div class=\"u-container-layout u-container-layout-1\">\n          <h3 class=\"u-align-left-lg u-align-left-md u-align-left-sm u-align-left-xl u-text u-text-1\"> MENT\u00c1LIS\nELS\u0150SEG\u00c9LY<\/h3>\n          <p class=\"u-align-justify-lg u-align-justify-md u-align-justify-sm u-align-justify-xl u-text u-text-2\"> A\nment\u00e1lis els\u0151seg\u00e9ly egy olyan seg\u00edt\u0151 m\u00f3dszer, melyet a laikusok is elsaj\u00e1t\u00edthatnak,\nalkalmazhatnak a kr\u00edzis\u00e1llapotba ker\u00fclt szem\u00e9ly megseg\u00edt\u00e9s\u00e9re. A m\u00f3dszer\nseg\u00edts\u00e9g\u00e9vel megfelel\u0151 m\u00f3don tudja seg\u00edteni lelkileg bajba jutott embert\u00e1rs\u00e1t,\n\u00e9s ezzel ak\u00e1r \u00e9letet is menthet. A m\u00f3dszer a WHO (Eg\u00e9szs\u00e9g\u00fcgyi Vil\u00e1gszervezet)\nprotokollja alapj\u00e1n ker\u00fclt kidolgoz\u00e1sra. &nbsp;\nA\nment\u00e1lis els\u0151seg\u00e9ly szakmai h\u00e1tt\u00e9rt\u0151l f\u00fcggetlen\u00fcl megtanulhat\u00f3 \u00e9s alkalmazhat\u00f3.\nAbb\u00f3l a \nmegfigyel\u00e9sb\u0151l\nindul ki, hogy kr\u00edzishelyzetben b\u00e1rki seg\u00edts\u00e9get ny\u00fajthat, \u00e9s ez\u00e1ltal ak\u00e1r\n\u00e9letet \nmenthet.<br>\n            <br>A\nment\u00e1lis els\u0151seg\u00e9lyny\u00fajt\u00e1s az al\u00e1bbi megfigyel\u00e9sekb\u0151l, alapvet\u00e9sekb\u0151l indul ki:\n\u2022 A\nkr\u00edzisben l\u00e9v\u0151 fokozottan nyitott a seg\u00edts\u00e9gre.&nbsp;<br>\u2022\nMotiv\u00e1lt, hogy besz\u00e9lhessen a probl\u00e9m\u00e1j\u00e1r\u00f3l.<br>\u2022\nEr\u0151sen befoly\u00e1solhat\u00f3.&nbsp;<br>\u2022\nLegfontosabb neki, hogy min\u00e9l el\u0151bb megnyugodjon \u00e9s cs\u00f6kkenjen a bels\u0151&nbsp; fesz\u00fclts\u00e9ge<br>\n            <br>\n          <\/p>\n          <div class=\"u-expanded-height-md u-expanded-height-sm u-expanded-height-xs u-palette-3-base u-shape u-shape-rectangle u-shape-1\"><\/div>\n          <div class=\"u-expanded-height-md u-expanded-height-sm u-expanded-height-xs u-palette-3-base u-shape u-shape-rectangle u-shape-2\"><\/div>\n        <\/div>\n      <\/div>\n    <\/section>\n    <section class=\"u-border-2 u-border-grey-75 u-clearfix u-grey-80 u-section-5\" id=\"carousel_0a9c\">\n      <img class=\"u-image u-image-round u-radius-10 u-image-1\" src=\"http:\/\/efijaszbereny.hu\/wp-content\/uploads\/1.jozansag.hu_.jpg\" alt=\"\" data-image-width=\"1130\" data-image-height=\"753\">\n      <div class=\"u-container-style u-expanded-width u-group u-shape-rectangle u-group-1\">\n        <div class=\"u-container-layout u-container-layout-1\">\n          <h3 class=\"u-align-center u-text u-text-1\"> MENT\u00c1LIS\nELS\u0150SEG\u00c9LYNY\u00daJT\u00c1S L\u00c9P\u00c9SEI<\/h3>\n          <h3 class=\"u-align-left u-text u-text-2\"> 1.&nbsp;<b style=\"\">Kapcsolatteremt\u00e9s<\/b>\n          <\/h3>\n          <p class=\"u-align-left u-text u-text-3\"><!--[if !supportLists]-->\u2022&nbsp;&nbsp;&nbsp;&nbsp;&nbsp;&nbsp;&nbsp; <!--[endif]-->Fontos\na fizikai biztons\u00e1g, nyugodt k\u00f6rnyezet megteremt\u00e9se, mely biztons\u00e1g a seg\u00edt\u0151re is\nvonatkozik!&nbsp;<!--[if !supportLists]-->\n            <br>\u2022&nbsp;&nbsp;&nbsp;&nbsp;&nbsp;&nbsp;&nbsp; <!--[endif]-->Bemutatkoz\u00e1s,\na helyzet szem\u00e9lyess\u00e9 t\u00e9tele: mondjuk el, hogy kik vagyunk, k\u00e9rdezz\u00fck meg az \u0151\nnev\u00e9t, \u00e9s hogy hogyan sz\u00f3l\u00edthatjuk.&nbsp;<!--[if !supportLists]-->\n            <br>\u2022&nbsp;&nbsp;&nbsp;&nbsp;&nbsp;&nbsp;&nbsp; <!--[endif]-->A\nbizalmass\u00e1g biztos\u00edt\u00e1sa: keress\u00fcnk olyan helysz\u00ednt, ahol m\u00e1s nincs jelen, nem \nhallanak\nbenn\u00fcnket.&nbsp;<!--[if !supportLists]-->\n            <br>\u2022&nbsp;&nbsp;&nbsp;&nbsp;&nbsp;&nbsp;&nbsp; <!--[endif]-->Saj\u00e1t\nsz\u00fcks\u00e9gleteinek a felt\u00e9rk\u00e9pez\u00e9se: Tudjuk meg, hogy mire van most a legnagyobb sz\u00fcks\u00e9ge,\nmit szeretne most a legjobban.<br>\n            <br>P\u00e9ldamondat:\nAndrea!\nMi az, amire \u00fagy \u00e9rzi, most a legnagyobb sz\u00fcks\u00e9ge lenne, mit szeretne a\nlegjobban?\u201d<br>\n          <\/p>\n          <div class=\"u-expanded-height-md u-expanded-height-sm u-expanded-height-xs u-palette-3-base u-shape u-shape-rectangle u-shape-1\"><\/div>\n          <div class=\"u-expanded-height-md u-expanded-height-sm u-expanded-height-xs u-palette-3-base u-shape u-shape-rectangle u-shape-2\"><\/div>\n        <\/div>\n      <\/div>\n    <\/section>\n    <section class=\"u-border-2 u-border-grey-75 u-clearfix u-grey-80 u-section-6\" id=\"carousel_d95b\">\n      <img class=\"u-image u-image-round u-radius-10 u-image-1\" src=\"http:\/\/efijaszbereny.hu\/wp-content\/uploads\/2.ridikul.hu_-1.jpg\" alt=\"\" data-image-width=\"1024\" data-image-height=\"575\">\n      <div class=\"u-align-left-xs u-container-style u-expanded-width u-group u-shape-rectangle u-group-1\">\n        <div class=\"u-container-layout u-container-layout-1\">\n          <h3 class=\"u-align-left-lg u-align-left-md u-align-left-sm u-align-left-xl u-text u-text-1\"> 2.&nbsp;<b><\/b><b>Egy\u00fctt\u00e9rz\u00e9s kifejez\u00e9se<\/b>\n          <\/h3>\n          <p class=\"u-align-left-lg u-align-left-md u-align-left-sm u-align-left-xl u-text u-text-2\"><!--[if !supportLists]--><!--[if !supportLists]-->\u2022&nbsp;&nbsp;&nbsp;&nbsp;&nbsp;&nbsp;&nbsp; <!--[endif]-->Empatikus\nodafordul\u00e1s, t\u00e1maszny\u00fajt\u00e1s, t\u00e1mogat\u00e1s: Tartsuk v\u00e9gig a szemkontaktust, forduljunk\nfel\u00e9, sz\u00fcks\u00e9g eset\u00e9n \u00e9rints\u00fck meg a v\u00e1ll\u00e1n. Hozzunk egy poh\u00e1r vizet, ha esetleg\nsz\u00fcks\u00e9ge van r\u00e1. <!--[if !supportLists]-->\u2022&nbsp;&nbsp;&nbsp;&nbsp;&nbsp;&nbsp;&nbsp; <!--[endif]-->Nem\nkell megold\u00e1st keresni, csak meghallgatni a m\u00e1sikat.&nbsp;<!--[if !supportLists]-->\n            <br>\u2022&nbsp;&nbsp;&nbsp;&nbsp;&nbsp;&nbsp;&nbsp; <!--[endif]-->\u00c9reztess\u00fck,\nhogy nincs egyed\u00fcl, ott vagyunk vele.&nbsp;<!--[if !supportLists]-->\n            <br>\u2022&nbsp;&nbsp;&nbsp;&nbsp;&nbsp;&nbsp;&nbsp; <!--[endif]-->Sz\u00fcks\u00e9g\neset\u00e9n dikt\u00e1ljunk sz\u00e1m\u00e1ra lass\u00fa, nyugodt l\u00e9gz\u00e9st.<br>\n            <br>P\u00e9ldamondatok:<br>&nbsp; \u201cL\u00e1tom,\nnagyon megviseli a helyzet.\u201d<br>&nbsp; \u201cAz\u00e9rt\nvagyok itt, hogy seg\u00edtsek.\u201d&nbsp;<br>\u201cItt\nvagyok \u00e9s nagyon egy\u00fctt\u00e9rzek veled.\u201d<br>\n          <\/p>\n          <div class=\"u-expanded-height-md u-expanded-height-sm u-expanded-height-xs u-palette-3-base u-shape u-shape-rectangle u-shape-1\"><\/div>\n          <div class=\"u-expanded-height-md u-expanded-height-sm u-expanded-height-xs u-palette-3-base u-shape u-shape-rectangle u-shape-2\"><\/div>\n        <\/div>\n      <\/div>\n    <\/section>\n    <section class=\"u-border-2 u-border-grey-75 u-clearfix u-grey-80 u-section-7\" id=\"carousel_2da3\">\n      <img class=\"u-image u-image-round u-radius-10 u-image-1\" src=\"http:\/\/efijaszbereny.hu\/wp-content\/uploads\/3.szimpatika.hu_.jpg\" alt=\"\" data-image-width=\"626\" data-image-height=\"417\">\n      <div class=\"u-align-left-xs u-container-style u-expanded-width u-group u-shape-rectangle u-group-1\">\n        <div class=\"u-container-layout u-container-layout-1\">\n          <h3 class=\"u-align-left-lg u-align-left-md u-align-left-sm u-align-left-xl u-text u-text-1\"> 3.&nbsp;<b><\/b><b><\/b><b>\u00c9rz\u00e9sek elfogad\u00e1sa<\/b>\n          <\/h3>\n          <p class=\"u-align-left-lg u-align-left-md u-align-left-sm u-align-left-xl u-text u-text-2\"><!--[if !supportLists]-->\u2022&nbsp;&nbsp;&nbsp;&nbsp;&nbsp;&nbsp;&nbsp; <!--[endif]-->\u00c9rz\u00e9sek,\nteljes szem\u00e9lyis\u00e9g elfogad\u00e1sa: K\u00edn\u00e1ljuk zsebkend\u0151vel, ha s\u00edr.&nbsp;<!--[if !supportLists]-->\n            <br>\u2022&nbsp;&nbsp;&nbsp;&nbsp;&nbsp;&nbsp;&nbsp; <!--[endif]-->Ne\n\u00e1ll\u00edtsuk le a negat\u00edv \u00e9rz\u00e9sek meg\u00e9l\u00e9s\u00e9t, kifejez\u00e9s\u00e9t, panaszkod\u00e1st, hagyjuk, hogy\nnyugodtan tegye. Ez teljesen \u00e9rthet\u0151 ilyen helyzetben.<br>\n            <br>P\u00e9ldamondat:\n\u201eTeljesen\n\u00e9rthet\u0151, hogy \u00edgy \u00e9rzel, ez val\u00f3ban nagyon neh\u00e9z helyzet.\u201d\n\u201eMondd\nnyugodtan, itt vagyok, \u00e9s hallgatlak!\u201d<br>\n          <\/p>\n          <div class=\"u-expanded-height-md u-expanded-height-sm u-expanded-height-xs u-palette-3-base u-shape u-shape-rectangle u-shape-1\"><\/div>\n          <div class=\"u-expanded-height-md u-expanded-height-sm u-expanded-height-xs u-palette-3-base u-shape u-shape-rectangle u-shape-2\"><\/div>\n        <\/div>\n      <\/div>\n    <\/section>\n    <section class=\"u-border-2 u-border-grey-75 u-clearfix u-grey-80 u-section-8\" id=\"carousel_a7cc\">\n      <img class=\"u-image u-image-round u-radius-10 u-image-1\" src=\"http:\/\/efijaszbereny.hu\/wp-content\/uploads\/4.romkat.ro_.jpg\" alt=\"\" data-image-width=\"673\" data-image-height=\"505\">\n      <div class=\"u-align-left u-container-style u-expanded-width u-group u-shape-rectangle u-group-1\">\n        <div class=\"u-container-layout u-container-layout-1\">\n          <h3 class=\"u-text u-text-1\"> 4.&nbsp;<b><\/b><b><\/b><b><\/b><b>Inform\u00e1ci\u00f3gy\u0171jt\u00e9s<\/b>\n          <\/h3>\n          <p class=\"u-text u-text-2\"><!--[if !supportLists]-->\u2022&nbsp;&nbsp;&nbsp;&nbsp;&nbsp;&nbsp;&nbsp; <!--[endif]-->A\nt\u00f6rt\u00e9ntekr\u0151l nem gy\u0171jt\u00fcnk inform\u00e1ci\u00f3t, nem oknyomozunk.&nbsp;<!--[if !supportLists]-->\n            <br>\u2022&nbsp;&nbsp;&nbsp;&nbsp;&nbsp;&nbsp;&nbsp; <!--[endif]-->Arr\u00f3l\ninform\u00e1l\u00f3dunk, hogy mire van a legnagyobb sz\u00fcks\u00e9ge, mi\/ki az, ami megnyugtatn\u00e1.&nbsp;<!--[if !supportLists]-->\n            <br>\u2022&nbsp;&nbsp;&nbsp;&nbsp;&nbsp;&nbsp;&nbsp; <!--[endif]-->Akt\u00edv\nhallgat\u00e1s: Megadjuk a lehet\u0151s\u00e9get, hogy besz\u00e9ljen, de csak ha \u0151 akar, ek\u00f6zben figyelmet\nt\u00fckr\u00f6z\u0151 metakommunik\u00e1ci\u00f3nk van: b\u00f3logat\u00e1s, fel\u00e9 fordul\u00e1s, kiss\u00e9 el\u0151red\u0151lt testtart\u00e1s,\nsz\u00fcks\u00e9g eset\u00e9n a v\u00e1ll\u00e1n meg\u00e9rintj\u00fck t\u00e1mogat\u00e1sunk kifejez\u00e9s\u00e9re.&nbsp;<!--[if !supportLists]-->\n            <br>\u2022&nbsp;&nbsp;&nbsp;&nbsp;&nbsp;&nbsp;&nbsp; <!--[endif]-->Ak\u00e1rh\u00e1nyszor\nelism\u00e9telheti a panaszait, vagy b\u00e1rmit, amit szeretne.<br>\n          <\/p>\n          <div class=\"u-expanded-height-md u-expanded-height-sm u-expanded-height-xs u-palette-3-base u-shape u-shape-rectangle u-shape-1\"><\/div>\n          <div class=\"u-expanded-height-md u-expanded-height-sm u-expanded-height-xs u-palette-3-base u-shape u-shape-rectangle u-shape-2\"><\/div>\n        <\/div>\n      <\/div>\n    <\/section>\n    <section class=\"u-border-2 u-border-grey-75 u-clearfix u-grey-80 u-section-9\" id=\"carousel_f9be\">\n      <img class=\"u-image u-image-round u-radius-10 u-image-1\" src=\"http:\/\/efijaszbereny.hu\/wp-content\/uploads\/5.baptist.hu_.jpg\" alt=\"\" data-image-width=\"620\" data-image-height=\"310\">\n      <div class=\"u-align-left u-container-style u-expanded-width u-group u-shape-rectangle u-group-1\">\n        <div class=\"u-container-layout u-container-layout-1\">\n          <h3 class=\"u-text u-text-1\"> 5.&nbsp;<b><\/b><b><\/b><b><\/b><b><\/b><b style=\"\">Hozz\u00e1tartoz\u00f3k bevon\u00e1sa<\/b>\n          <\/h3>\n          <p class=\"u-text u-text-2\"><!--[if !supportLists]-->\u2022&nbsp;&nbsp;&nbsp;&nbsp;&nbsp;&nbsp;&nbsp; <!--[endif]-->H\u00edvjuk\noda, akit szeretne maga mellett tudni, mert ilyenkor a t\u00e1rsas t\u00e1mogat\u00e1s elengedhetetlen.\n\u0150 fogja tudni megmondani, ki a hozz\u00e1 jelenleg legk\u00f6zelebb \u00e1ll\u00f3 szem\u00e9ly, akinek\nmegnyugtat\u00f3 lenne most a k\u00f6zels\u00e9ge. Esetleg mi magunk k\u00eds\u00e9rj\u00fck el oda.&nbsp;<!--[if !supportLists]-->\n            <br>\u2022&nbsp;&nbsp;&nbsp;&nbsp;&nbsp;&nbsp;&nbsp; <!--[endif]-->Nagyon\nfontos szempont, hogy bizonyosodjunk meg r\u00f3la, hogy van hol aludnia, ennie, tiszt\u00e1lkodnia.<br>\n            <br>P\u00e9ldamondat:&nbsp;<br>\u201eKi az, akit szeretne most maga mellett tudni?\u201d&nbsp;<br>\u201eH\u00edvjuk ide a legjobb bar\u00e1tod!\u201d<br>\n          <\/p>\n          <div class=\"u-expanded-height-md u-expanded-height-sm u-expanded-height-xs u-palette-3-base u-shape u-shape-rectangle u-shape-1\"><\/div>\n          <div class=\"u-expanded-height-md u-expanded-height-sm u-expanded-height-xs u-palette-3-base u-shape u-shape-rectangle u-shape-2\"><\/div>\n        <\/div>\n      <\/div>\n    <\/section>\n    <section class=\"u-border-2 u-border-grey-75 u-clearfix u-grey-80 u-section-10\" id=\"carousel_7fa0\">\n      <img class=\"u-image u-image-round u-radius-10 u-image-1\" src=\"http:\/\/efijaszbereny.hu\/wp-content\/uploads\/6.romkat.ro2_-1.jpg\" alt=\"\" data-image-width=\"324\" data-image-height=\"160\">\n      <div class=\"u-align-left u-container-style u-expanded-width u-group u-shape-rectangle u-group-1\">\n        <div class=\"u-container-layout u-container-layout-1\">\n          <h3 class=\"u-text u-text-1\"> 6.&nbsp;<b><\/b><b><\/b><b><\/b><b><\/b><b style=\"\"><\/b><b>Besz\u0171k\u00fclts\u00e9g t\u00e1g\u00edt\u00e1sa<\/b>\n          <\/h3>\n          <p class=\"u-text u-text-2\"><!--[if !supportLists]-->\u2022&nbsp;&nbsp;&nbsp;&nbsp;&nbsp;&nbsp;&nbsp; <!--[endif]-->Pr\u00f3b\u00e1ljuk\nmeg az \u00e9let\u00e9nek j\u00f3l m\u0171k\u00f6d\u0151 ter\u00fcleteit felid\u00e9ztetni vele: ilyen lehet a munka, vagy\na t\u00e1mogat\u00f3 bar\u00e1ti \u00e9s rokoni kapcsolatok.&nbsp;<!--[if !supportLists]-->\n            <br>\u2022&nbsp;&nbsp;&nbsp;&nbsp;&nbsp;&nbsp;&nbsp; <!--[endif]-->A\nkr\u00edzis nem minden \u00e9letter\u00fcletet \u00e9rint egyform\u00e1n, m\u00e9g ha az egy\u00e9n besz\u0171k\u00fclt \u00e1llapot\u00e1ban\n\u00fagy is \u00e9rzi.&nbsp; <!--[if !supportLists]-->\n            <br>\u2022&nbsp;&nbsp;&nbsp;&nbsp;&nbsp;&nbsp;&nbsp; <!--[endif]-->Fontos\n\u00e1ttekinteni azokat a dolgokat, amik \u00e9letben tartj\u00e1k: lehet ez a h\u00e1zi\u00e1llata, a kertje,\nahol a vetem\u00e9nyest rendeznie kell, vagy a szomsz\u00e9d, aki reggelente egy\u00fctt issza\nvele a k\u00e1v\u00e9j\u00e1t.<br>\n            <br>P\u00e9ldamondat:&nbsp;<br> \u201eBiztosan\nvannak t\u00e1mogat\u00f3, megb\u00edzhat\u00f3 emberek maga k\u00f6r\u00fcl\u2026 Mes\u00e9lne kicsit r\u00f3luk?\u201d&nbsp;<br>\u201e\u00dagy\ntudom, nagyon izgalmas a munk\u00e1ja, mes\u00e9lne err\u0151l egy kicsit?\u201d<br>\n          <\/p>\n          <div class=\"u-expanded-height-md u-expanded-height-sm u-expanded-height-xs u-palette-3-base u-shape u-shape-rectangle u-shape-1\"><\/div>\n          <div class=\"u-expanded-height-md u-expanded-height-sm u-expanded-height-xs u-palette-3-base u-shape u-shape-rectangle u-shape-2\"><\/div>\n        <\/div>\n      <\/div>\n    <\/section>\n    <section class=\"u-border-2 u-border-grey-75 u-clearfix u-grey-80 u-section-11\" id=\"carousel_cc02\">\n      <img class=\"u-image u-image-round u-radius-10 u-image-1\" src=\"http:\/\/efijaszbereny.hu\/wp-content\/uploads\/7.cashflowmagnes.hu_.jpg\" alt=\"\" data-image-width=\"750\" data-image-height=\"429\">\n      <div class=\"u-align-left u-container-style u-expanded-width u-group u-shape-rectangle u-group-1\">\n        <div class=\"u-container-layout u-container-layout-1\">\n          <h3 class=\"u-text u-text-1\"> 7.&nbsp;<b>Sikeresen megoldott kor\u00e1bbi v\u00e1ls\u00e1gok\n     felid\u00e9z\u00e9se<\/b><b><\/b><b><\/b><b><\/b><b><\/b><b style=\"\"><\/b>\n          <\/h3>\n          <p class=\"u-text u-text-2\"><!--[if !supportLists]-->\u2022&nbsp;&nbsp;&nbsp;&nbsp;&nbsp;&nbsp;&nbsp; <!--[endif]-->A\nlegt\u00f6bb embernek voltak m\u00e1r neh\u00e9z helyzetek az \u00e9let\u00e9ben. Ha ezekre\nvisszaeml\u00e9kszik, \u00f6nbizalma, magabiztoss\u00e1ga n\u0151, besz\u0171k\u00fclts\u00e9ge t\u00e1gul.&nbsp;<!--[if !supportLists]-->\n            <br>\u2022&nbsp;&nbsp;&nbsp;&nbsp;&nbsp;&nbsp;&nbsp; <!--[endif]-->Megtudhatjuk\nmilyen megk\u00fczd\u00e9si strat\u00e9gi\u00e1i, kor\u00e1bbi probl\u00e9mamegold\u00f3 m\u00f3dszerei voltak.<br>\n            <br> P\u00e9ldamondat:\n\u201eBiztosan\nvolt m\u00e1r hasonl\u00f3 v\u00e1ls\u00e1g az \u00e9let\u00e9ben\u2026&nbsp;<br>Akkor mi seg\u00edtette a megold\u00e1st, azon\nhogyan\ntudott\nt\u00faljutni?\u201d<br>\n          <\/p>\n          <div class=\"u-expanded-height-md u-expanded-height-sm u-expanded-height-xs u-palette-3-base u-shape u-shape-rectangle u-shape-1\"><\/div>\n          <div class=\"u-expanded-height-md u-expanded-height-sm u-expanded-height-xs u-palette-3-base u-shape u-shape-rectangle u-shape-2\"><\/div>\n        <\/div>\n      <\/div>\n    <\/section>\n    <section class=\"u-border-2 u-border-grey-75 u-clearfix u-grey-80 u-section-12\" id=\"carousel_1048\">\n      <img class=\"u-image u-image-round u-radius-10 u-image-1\" src=\"http:\/\/efijaszbereny.hu\/wp-content\/uploads\/8..jpeg\" alt=\"\" data-image-width=\"1132\" data-image-height=\"750\">\n      <div class=\"u-align-left-sm u-align-left-xs u-container-style u-expanded-width u-group u-shape-rectangle u-group-1\">\n        <div class=\"u-container-layout u-container-layout-1\">\n          <h3 class=\"u-align-left-lg u-align-left-md u-align-left-xl u-text u-text-1\"> 8.&nbsp;<b style=\"\"><\/b><b style=\"\">Szakember bevon\u00e1sa<\/b><b><\/b><b><\/b><b><\/b><b><\/b><b style=\"\"><\/b>\n          <\/h3>\n          <p class=\"u-align-justify-lg u-align-justify-md u-align-justify-xl u-text u-text-2\"> S\u00falyos\nkr\u00edzis \u00e9s \u00f6nvesz\u00e9lyeztet\u0151 \u00e1llapot eset\u00e9n mindenk\u00e9pp be kell vonni k\u00fcls\u0151\nseg\u00edts\u00e9get.\nK\u00f6zvetlen\nvesz\u00e9lyeztet\u0151 magatart\u00e1sr\u00f3l akkor besz\u00e9l\u00fcnk, ha a szem\u00e9ly pszich\u00e9s \u00e1llapot\u00e1nak \nakut\nzavara k\u00f6vetkezt\u00e9ben saj\u00e1t vagy m\u00e1sok \u00e9let\u00e9re, testi \u00e9ps\u00e9g\u00e9re, eg\u00e9szs\u00e9g\u00e9re\nk\u00f6zvetlen \n\u00e9s\ns\u00falyos vesz\u00e9lyt jelent. Ilyenkor ment\u0151t \u00e9s rend\u0151rs\u00e9get kell h\u00edvni.<br>\n            <br>Ha nincs\nk\u00f6zvetlen \u00f6nvesz\u00e9lyeztet\u0151 \u00e1llapot, akkor is \u00e9rdemes szakembert javasolni,\n\u00e9s\/vagy az al\u00e1bbiak valamelyik\u00e9t:&nbsp;<!--[if !supportLists]-->\n            <br>\u2022&nbsp;&nbsp;&nbsp;&nbsp;&nbsp;&nbsp;&nbsp; <!--[endif]-->csal\u00e1dorvos<br>\u2022&nbsp;&nbsp;&nbsp;&nbsp;&nbsp;&nbsp;&nbsp; <!--[endif]-->pszichi\u00e1triai\nell\u00e1t\u00e1s, gondoz\u00f3&nbsp;<!--[if !supportLists]-->\n            <br>\u2022&nbsp;&nbsp;&nbsp;&nbsp;&nbsp;&nbsp;&nbsp; <!--[endif]-->pszichol\u00f3gus&nbsp;<!--[if !supportLists]-->\n            <br>\u2022&nbsp;&nbsp;&nbsp;&nbsp;&nbsp;&nbsp;&nbsp; <!--[endif]-->kr\u00edzist\u00e1mogat\u00f3\nszolg\u00e1lat&nbsp;<!--[if !supportLists]-->\n            <br>\u2022&nbsp;&nbsp;&nbsp;&nbsp;&nbsp;&nbsp;&nbsp; <!--[endif]-->lelki\nels\u0151seg\u00e9ly<br>telefonszolg\u00e1lat:&nbsp; 116-123, \u00e9jjel-nappal ingyen h\u00edvhat\u00f3&nbsp;<!--[if !supportLists]-->\n            <br>\u2022&nbsp;&nbsp;&nbsp;&nbsp;&nbsp;&nbsp;&nbsp; <!--[endif]-->K\u00e9k\nVonal lelki els\u0151seg\u00e9ly telefonszolg\u00e1lat fiataloknak:&nbsp;<br>116- 111&nbsp;<!--[if !supportLists]-->\n            <br>\u2022&nbsp;&nbsp;&nbsp;&nbsp;&nbsp;&nbsp;&nbsp; <!--[endif]-->csal\u00e1dseg\u00edt\u0151,\nnevel\u00e9si tan\u00e1csad\u00f3&nbsp;<!--[if !supportLists]-->\n            <br>\u2022&nbsp;&nbsp;&nbsp;&nbsp;&nbsp;&nbsp;&nbsp; <!--[endif]-->alap\u00edtv\u00e1nyok\/civil\nell\u00e1t\u00e1si form\u00e1k, \u00f6nseg\u00edt\u0151 csoportok&nbsp;<!--[if !supportLists]-->\n            <br>\u2022&nbsp;&nbsp;&nbsp;&nbsp;&nbsp;&nbsp;&nbsp; <!--[endif]-->online\nseg\u00edts\u00e9g (www.ifightdepression.com)&nbsp;<!--[if !supportLists]-->\n            <br>\u2022&nbsp;&nbsp;&nbsp;&nbsp;&nbsp;&nbsp;&nbsp;http:\/\/www.ongyilkossagmegelozes.hu\/&nbsp;<!--[if !supportLists]-->\n            <br>\u2022&nbsp;&nbsp;&nbsp;&nbsp;&nbsp;&nbsp;&nbsp; <!--[endif]-->https:\/\/pszi.hu\/&nbsp;<br>\u2022&nbsp;&nbsp;&nbsp;&nbsp;&nbsp;&nbsp;&nbsp; <!--[endif]-->https:\/\/callforhelp.hu\/<br>\n          <\/p>\n          <div class=\"u-expanded-height-md u-expanded-height-sm u-expanded-height-xs u-palette-3-base u-shape u-shape-rectangle u-shape-1\"><\/div>\n          <div class=\"u-expanded-height-md u-expanded-height-sm u-expanded-height-xs u-palette-3-base u-shape u-shape-rectangle u-shape-2\"><\/div>\n        <\/div>\n      <\/div>\n    <\/section>\n    <section class=\"u-border-2 u-border-grey-75 u-clearfix u-grey-80 u-section-13\" id=\"carousel_6767\">\n      <img class=\"u-image u-image-round u-radius-10 u-image-1\" src=\"http:\/\/efijaszbereny.hu\/wp-content\/uploads\/274772985_501164238025738_6143045048270239615_n-1.jpg\" alt=\"\" data-image-width=\"1920\" data-image-height=\"1200\">\n      <div class=\"u-align-left-sm u-align-left-xs u-container-style u-expanded-width u-group u-shape-rectangle u-group-1\">\n        <div class=\"u-container-layout u-container-layout-1\">\n          <h3 class=\"u-align-left-lg u-align-left-md u-align-left-xl u-text u-text-1\"><b>Gyakorlati\nteend\u0151k a kr\u00edzis lek\u00fczd\u00e9s\u00e9nek el\u0151seg\u00edt\u00e9s\u00e9re:&nbsp;<\/b><b><\/b><b><\/b><b><\/b><b><\/b><b style=\"\"><\/b>\n          <\/h3>\n          <p class=\"u-align-justify-lg u-align-justify-md u-align-justify-xl u-text u-text-2\"><!--[if !supportLists]-->\u2022&nbsp;&nbsp;&nbsp;&nbsp;&nbsp;&nbsp;&nbsp; <!--[endif]-->rendszeres\nev\u00e9s, alv\u00e1s; a fizikai sz\u00fcks\u00e9gletek biztos\u00edt\u00e1sa nagyon fontos;&nbsp;<!--[if !supportLists]-->\n            <br>\u2022&nbsp;&nbsp;&nbsp;&nbsp;&nbsp;&nbsp;&nbsp; <!--[endif]-->t\u00e1mogat\u00f3\nemberekkel val\u00f3 egy\u00fcttl\u00e9t;&nbsp;<!--[if !supportLists]-->\n            <br>\u2022&nbsp;&nbsp;&nbsp;&nbsp;&nbsp;&nbsp;&nbsp; <!--[endif]-->besz\u00e9lget\u00e9s\negy bizalmi szem\u00e9llyel a probl\u00e9m\u00e1r\u00f3l;&nbsp;<!--[if !supportLists]-->\n            <br>\u2022&nbsp;&nbsp;&nbsp;&nbsp;&nbsp;&nbsp;&nbsp; <!--[endif]-->olyan\ntev\u00e9kenys\u00e9g v\u00e9gz\u00e9se, amely kikapcsolja;&nbsp;<!--[if !supportLists]-->\n            <br>\u2022&nbsp;&nbsp;&nbsp;&nbsp;&nbsp;&nbsp;&nbsp; <!--[endif]-->spiritualit\u00e1s,\nim\u00e1dkoz\u00e1s (de csak akkor, ha el\u0151tte is gyakorolta vall\u00e1s\u00e1t);&nbsp;<!--[if !supportLists]-->\n            <br>\u2022&nbsp;&nbsp;&nbsp;&nbsp;&nbsp;&nbsp;&nbsp; <!--[endif]-->fizikai\naktivit\u00e1s; ak\u00e1r egy r\u00f6vid s\u00e9ta is j\u00f3 lehet naponta;&nbsp;<!--[if !supportLists]-->\n            <br>\u2022&nbsp;&nbsp;&nbsp;&nbsp;&nbsp;&nbsp;&nbsp; <!--[endif]-->bevon\u00f3d\u00e1s\nb\u00e1rmilyen t\u00e1rsas tev\u00e9kenys\u00e9gbe.<br>\n          <\/p>\n          <div class=\"u-expanded-height-md u-expanded-height-sm u-expanded-height-xs u-palette-3-base u-shape u-shape-rectangle u-shape-1\"><\/div>\n          <div class=\"u-expanded-height-md u-expanded-height-sm u-expanded-height-xs u-palette-3-base u-shape u-shape-rectangle u-shape-2\"><\/div>\n        <\/div>\n      <\/div>\n    <\/section>\n    <section class=\"u-border-2 u-border-grey-75 u-clearfix u-grey-80 u-section-14\" id=\"carousel_7a87\">\n      <img class=\"u-image u-image-round u-radius-10 u-image-1\" src=\"http:\/\/efijaszbereny.hu\/wp-content\/uploads\/6.romkat.ro2_-1.jpg\" alt=\"\" data-image-width=\"324\" data-image-height=\"160\">\n      <div class=\"u-align-left u-container-style u-expanded-width u-group u-shape-rectangle u-group-1\">\n        <div class=\"u-container-layout u-container-layout-1\">\n          <h3 class=\"u-text u-text-1\"><b><b>Ker\u00fclend\u0151k\na kr\u00edzisben l\u00e9v\u0151 szem\u00e9lyn\u00e9l<\/b>:&nbsp;&nbsp;&nbsp;<\/b><b><\/b><b><\/b><b><\/b><b><\/b><b style=\"\"><\/b>\n          <\/h3>\n          <p class=\"u-text u-text-2\"><!--[if !supportLists]-->\u2022&nbsp;&nbsp;&nbsp;&nbsp;&nbsp;&nbsp;&nbsp; <!--[endif]-->Drog-,\nalkohofogyaszt\u00e1s, orvosi utas\u00edt\u00e1s n\u00e9lk\u00fcli gy\u00f3gyszerek alkalmaz\u00e1sa \u00e9s doh\u00e1nyz\u00e1s.&nbsp;<!--[if !supportLists]-->\n            <br>\u2022&nbsp;&nbsp;&nbsp;&nbsp;&nbsp;&nbsp;&nbsp; <!--[endif]-->Ne\nfek\u00fcdj\u00f6n \u00e9s aludjon eg\u00e9sz nap.&nbsp;<!--[if !supportLists]-->\n            <br>\u2022&nbsp;&nbsp;&nbsp;&nbsp;&nbsp;&nbsp;&nbsp; <!--[endif]-->Ne\nvesse mag\u00e1t t\u00falzottan a munk\u00e1ba.&nbsp;<!--[if !supportLists]-->\n            <br>\u2022&nbsp;&nbsp;&nbsp;&nbsp;&nbsp;&nbsp;&nbsp; <!--[endif]-->Ne\nlegyen egyed\u00fcl! Legyen t\u00e1mogat\u00f3 emberekkel, m\u00e9g ha nehez\u00e9re is esik&nbsp;<!--[if !supportLists]-->\n            <br>\u2022&nbsp;&nbsp;&nbsp;&nbsp;&nbsp;&nbsp;&nbsp; <!--[endif]-->Ne\nhanyagolja el mag\u00e1t.&nbsp;<!--[if !supportLists]-->\n            <br>\u2022&nbsp;&nbsp;&nbsp;&nbsp;&nbsp;&nbsp;&nbsp; <!--[endif]-->Ne\nlegyen er\u0151szakos.<br>\n          <\/p>\n          <div class=\"u-expanded-height-md u-expanded-height-sm u-expanded-height-xs u-palette-3-base u-shape u-shape-rectangle u-shape-1\"><\/div>\n          <div class=\"u-expanded-height-md u-expanded-height-sm u-expanded-height-xs u-palette-3-base u-shape u-shape-rectangle u-shape-2\"><\/div>\n        <\/div>\n      <\/div>\n    <\/section>\n    \n    \n    \n    \n  \n","protected":false},"excerpt":{"rendered":"<p>MENT\u00c1LIS&nbsp;ELS\u0150SEG\u00c9LYNY\u00daJT\u00c1S Az elm\u00falt id\u0151szakban sz\u00e1mos negat\u00edv \u00e9rzelmi \u00e9lm\u00e9nyt el\u0151id\u00e9z\u0151 esem\u00e9ny jelent meg a vil\u00e1gban. Ebben az ismeretlen, vil\u00e1gm\u00e9ret\u0171 kr\u00edzisben gyakori \u00e9rz\u00e9s lehet a f\u00e9lelem, frusztr\u00e1ci\u00f3, b\u00e9nults\u00e1g, \u00e9rzelmi kimer\u00fcl\u00e9s, harag, stressz, mag\u00e1ny, tehetetlens\u00e9g, kil\u00e1t\u00e1stalans\u00e1g. Amennyiben ezek a negat\u00edv \u00e9rz\u00e9sek hetekig, h\u00f3napokig fenn\u00e1llnak, &nbsp;megn\u00f6veli a k\u00fcl\u00f6nb\u00f6z\u0151 ment\u00e1lis zavarok kock\u00e1zat\u00e1t. Ebben a helyzetben nagyon fontos az egym\u00e1s fel\u00e9 &hellip; <a href=\"http:\/\/efijaszbereny.hu\/?page_id=1609\" class=\"more-link\">Continue reading<span class=\"screen-reader-text\"> &#8222;MENT\u00c1LIS ELS\u0150SEG\u00c9LY&#8221;<\/span><\/a><\/p>\n","protected":false},"author":1,"featured_media":0,"parent":0,"menu_order":0,"comment_status":"closed","ping_status":"closed","template":"","meta":[],"_links":{"self":[{"href":"http:\/\/efijaszbereny.hu\/index.php?rest_route=\/wp\/v2\/pages\/1609"}],"collection":[{"href":"http:\/\/efijaszbereny.hu\/index.php?rest_route=\/wp\/v2\/pages"}],"about":[{"href":"http:\/\/efijaszbereny.hu\/index.php?rest_route=\/wp\/v2\/types\/page"}],"author":[{"embeddable":true,"href":"http:\/\/efijaszbereny.hu\/index.php?rest_route=\/wp\/v2\/users\/1"}],"replies":[{"embeddable":true,"href":"http:\/\/efijaszbereny.hu\/index.php?rest_route=%2Fwp%2Fv2%2Fcomments&post=1609"}],"version-history":[{"count":31,"href":"http:\/\/efijaszbereny.hu\/index.php?rest_route=\/wp\/v2\/pages\/1609\/revisions"}],"predecessor-version":[{"id":1664,"href":"http:\/\/efijaszbereny.hu\/index.php?rest_route=\/wp\/v2\/pages\/1609\/revisions\/1664"}],"wp:attachment":[{"href":"http:\/\/efijaszbereny.hu\/index.php?rest_route=%2Fwp%2Fv2%2Fmedia&parent=1609"}],"curies":[{"name":"wp","href":"https:\/\/api.w.org\/{rel}","templated":true}]}}